{"id":5224,"date":"2026-07-29T14:29:28","date_gmt":"2026-07-29T12:29:28","guid":{"rendered":"https:\/\/sentiaestudio.com\/?post_type=portfolio&#038;p=5224"},"modified":"2026-07-29T15:20:51","modified_gmt":"2026-07-29T13:20:51","slug":"jany-muesli","status":"publish","type":"portfolio","link":"https:\/\/sentiaestudio.com\/en\/portfolio\/jany-muesli\/","title":{"rendered":"Jany Muesli \u2014 Extensi\u00f3n de marca"},"content":{"rendered":"<div data-elementor-type=\"wp-post\" data-elementor-id=\"5224\" class=\"elementor elementor-5224\">\n\t\t\t\t<div class=\"elementor-element elementor-element-5663809 e-con-full e-flex e-con e-parent\" data-id=\"5663809\" data-element_type=\"container\" data-e-type=\"container\">\n\t\t\t\t<div class=\"elementor-element elementor-element-0d8f6a5 elementor-widget elementor-widget-image\" data-id=\"0d8f6a5\" data-element_type=\"widget\" data-e-type=\"widget\" data-widget_type=\"image.default\">\n\t\t\t\t\t\t\t\t\t\t\t\t\t\t\t<img fetchpriority=\"high\" decoding=\"async\" width=\"2560\" height=\"1715\" src=\"https:\/\/sentiaestudio.com\/wp-content\/uploads\/2026\/05\/1.monton-de-paquetes-copia-2-scaled.jpg\" class=\"attachment-full size-full wp-image-5230\" alt=\"Packaging minimalista de muesli Jany sabor avena y pistachos sobre composici\u00f3n de bolsas y etiquetas de marca.\" srcset=\"https:\/\/sentiaestudio.com\/wp-content\/uploads\/2026\/05\/1.monton-de-paquetes-copia-2-scaled.jpg 2560w, https:\/\/sentiaestudio.com\/wp-content\/uploads\/2026\/05\/1.monton-de-paquetes-copia-2-300x201.jpg 300w, https:\/\/sentiaestudio.com\/wp-content\/uploads\/2026\/05\/1.monton-de-paquetes-copia-2-1024x686.jpg 1024w, https:\/\/sentiaestudio.com\/wp-content\/uploads\/2026\/05\/1.monton-de-paquetes-copia-2-768x515.jpg 768w, https:\/\/sentiaestudio.com\/wp-content\/uploads\/2026\/05\/1.monton-de-paquetes-copia-2-1536x1029.jpg 1536w, https:\/\/sentiaestudio.com\/wp-content\/uploads\/2026\/05\/1.monton-de-paquetes-copia-2-2048x1372.jpg 2048w, https:\/\/sentiaestudio.com\/wp-content\/uploads\/2026\/05\/1.monton-de-paquetes-copia-2-600x402.jpg 600w\" sizes=\"(max-width: 2560px) 100vw, 2560px\" \/>\t\t\t\t\t\t\t\t\t\t\t\t\t\t\t<\/div>\n\t\t\t\t<\/div>\n\t\t\t\t<section class=\"elementor-section elementor-top-section elementor-element elementor-element-f7f6514 animated-fast elementor-section-boxed elementor-section-height-default elementor-section-height-default elementor-invisible\" data-id=\"f7f6514\" data-element_type=\"section\" data-e-type=\"section\" data-settings=\"{&quot;animation&quot;:&quot;h-neuron-animation--fadeIn&quot;}\">\n\t\t\t\t\t\t<div class=\"elementor-container elementor-column-gap-default\">\n\t\t\t\t\t<div class=\"elementor-column elementor-col-50 elementor-top-column elementor-element elementor-element-bdffb57 elementor-hidden-mobile\" data-id=\"bdffb57\" data-element_type=\"column\" data-e-type=\"column\">\n\t\t\t<div class=\"elementor-widget-wrap elementor-element-populated\">\n\t\t\t\t\t\t<div class=\"elementor-element elementor-element-58e1d6d elementor-widget elementor-widget-text-editor\" data-id=\"58e1d6d\" data-element_type=\"widget\" data-e-type=\"widget\" data-widget_type=\"text-editor.default\">\n\t\t\t\t\t\t\t\t\t<p><span style=\"white-space-collapse: preserve;\">Jany &#8211; Muesli<\/span><\/p>\t\t\t\t\t\t\t\t<\/div>\n\t\t\t\t<div class=\"elementor-element elementor-element-a775d1f elementor-icon-list--layout-traditional elementor-list-item-link-full_width elementor-widget elementor-widget-icon-list\" data-id=\"a775d1f\" data-element_type=\"widget\" data-e-type=\"widget\" data-widget_type=\"icon-list.default\">\n\t\t\t\t\t\t\t<ul class=\"elementor-icon-list-items\">\n\t\t\t\t\t\t\t<li class=\"elementor-icon-list-item\">\n\t\t\t\t\t\t\t\t\t\t<span class=\"elementor-icon-list-text\">Naming<\/span>\n\t\t\t\t\t\t\t\t\t<\/li>\n\t\t\t\t\t\t\t\t<li class=\"elementor-icon-list-item\">\n\t\t\t\t\t\t\t\t\t\t<span class=\"elementor-icon-list-text\">Branding<\/span>\n\t\t\t\t\t\t\t\t\t<\/li>\n\t\t\t\t\t\t\t\t<li class=\"elementor-icon-list-item\">\n\t\t\t\t\t\t\t\t\t\t<span class=\"elementor-icon-list-text\">Packaging<\/span>\n\t\t\t\t\t\t\t\t\t<\/li>\n\t\t\t\t\t\t\t\t<li class=\"elementor-icon-list-item\">\n\t\t\t\t\t\t\t\t\t\t<span class=\"elementor-icon-list-text\">Illustration<\/span>\n\t\t\t\t\t\t\t\t\t<\/li>\n\t\t\t\t\t\t<\/ul>\n\t\t\t\t\t\t<\/div>\n\t\t\t\t\t<\/div>\n\t\t<\/div>\n\t\t\t\t<div class=\"elementor-column elementor-col-50 elementor-top-column elementor-element elementor-element-d3d6155\" data-id=\"d3d6155\" data-element_type=\"column\" data-e-type=\"column\">\n\t\t\t<div class=\"elementor-widget-wrap elementor-element-populated\">\n\t\t\t\t\t\t<div class=\"elementor-element elementor-element-475a293 elementor-widget elementor-widget-text-editor\" data-id=\"475a293\" data-element_type=\"widget\" data-e-type=\"widget\" data-widget_type=\"text-editor.default\">\n\t\t\t\t\t\t\t\t\t<p data-start=\"90\" data-end=\"199\">Jany nace alrededor de la miel, pero este proyecto explora c\u00f3mo una marca puede crecer sin perder coherencia.<\/p><p data-start=\"201\" data-end=\"517\">La l\u00ednea de muesli surge como una extensi\u00f3n natural del universo Jany, no desde la necesidad de a\u00f1adir un nuevo producto, sino desde la intenci\u00f3n de ampliar los momentos donde la marca tiene sentido. El objetivo no era competir con el producto principal, sino construir un sistema capaz de convivir y complementarse.<\/p><p data-start=\"519\" data-end=\"683\">A trav\u00e9s de un enfoque editorial, limpio y contenido, el proyecto plantea una nueva categor\u00eda dentro de la marca manteniendo intacta su esencia visual y conceptual.<\/p>\t\t\t\t\t\t\t\t<\/div>\n\t\t\t\t<div class=\"elementor-element elementor-element-7aa87fb elementor-widget elementor-widget-button\" data-id=\"7aa87fb\" data-element_type=\"widget\" data-e-type=\"widget\" data-settings=\"{&quot;hover_animation&quot;:&quot;shrink&quot;}\" data-widget_type=\"button.default\">\n\t\t\t\t\t\t\t\t\t\t<a class=\"elementor-button elementor-button-link elementor-size-sm elementor-animation-shrink\" href=\"\/en\/portfolio\/jany\/\" target=\"_blank\">\n\t\t\t\t\t\t<span class=\"elementor-button-content-wrapper\">\n\t\t\t\t\t\t\t\t\t<span class=\"elementor-button-text\">VER PROYECTO DE JANY MIEL CRUDA<\/span>\n\t\t\t\t\t<\/span>\n\t\t\t\t\t<\/a>\n\t\t\t\t\t\t\t\t<\/div>\n\t\t\t\t<div class=\"elementor-element elementor-element-71d373a elementor-widget elementor-widget-button\" data-id=\"71d373a\" data-element_type=\"widget\" data-e-type=\"widget\" data-settings=\"{&quot;hover_animation&quot;:&quot;shrink&quot;}\" data-widget_type=\"button.default\">\n\t\t\t\t\t\t\t\t\t\t<a class=\"elementor-button elementor-button-link elementor-size-sm elementor-animation-shrink\" href=\"\/en\/portfolio\/jany-bebidas-botanicas\/\" target=\"_blank\">\n\t\t\t\t\t\t<span class=\"elementor-button-content-wrapper\">\n\t\t\t\t\t\t\t\t\t<span class=\"elementor-button-text\">VER PROYECTO DE JANY BEBIDAS BOT\u00c1NICAS<\/span>\n\t\t\t\t\t<\/span>\n\t\t\t\t\t<\/a>\n\t\t\t\t\t\t\t\t<\/div>\n\t\t\t\t\t<\/div>\n\t\t<\/div>\n\t\t\t\t\t<\/div>\n\t\t<\/section>\n\t\t<div class=\"elementor-element elementor-element-bfd0485 e-con-full e-flex e-con e-parent\" data-id=\"bfd0485\" data-element_type=\"container\" data-e-type=\"container\">\n\t\t\t\t<div class=\"elementor-element elementor-element-c095591 elementor-widget elementor-widget-image\" data-id=\"c095591\" data-element_type=\"widget\" data-e-type=\"widget\" data-widget_type=\"image.default\">\n\t\t\t\t\t\t\t\t\t\t\t\t\t\t\t<img decoding=\"async\" width=\"2560\" height=\"1415\" src=\"https:\/\/sentiaestudio.com\/wp-content\/uploads\/2026\/05\/mujer-sosteniendo-nuez-copia-2-scaled.jpg\" class=\"attachment-full size-full wp-image-5236\" alt=\"Persona sosteniendo bolsa de muesli Jany avena y nueces con dise\u00f1o de packaging minimalista.\" srcset=\"https:\/\/sentiaestudio.com\/wp-content\/uploads\/2026\/05\/mujer-sosteniendo-nuez-copia-2-scaled.jpg 2560w, https:\/\/sentiaestudio.com\/wp-content\/uploads\/2026\/05\/mujer-sosteniendo-nuez-copia-2-300x166.jpg 300w, https:\/\/sentiaestudio.com\/wp-content\/uploads\/2026\/05\/mujer-sosteniendo-nuez-copia-2-1024x566.jpg 1024w, https:\/\/sentiaestudio.com\/wp-content\/uploads\/2026\/05\/mujer-sosteniendo-nuez-copia-2-768x424.jpg 768w, https:\/\/sentiaestudio.com\/wp-content\/uploads\/2026\/05\/mujer-sosteniendo-nuez-copia-2-1536x849.jpg 1536w, https:\/\/sentiaestudio.com\/wp-content\/uploads\/2026\/05\/mujer-sosteniendo-nuez-copia-2-2048x1132.jpg 2048w, https:\/\/sentiaestudio.com\/wp-content\/uploads\/2026\/05\/mujer-sosteniendo-nuez-copia-2-600x332.jpg 600w\" sizes=\"(max-width: 2560px) 100vw, 2560px\" \/>\t\t\t\t\t\t\t\t\t\t\t\t\t\t\t<\/div>\n\t\t\t\t<\/div>\n\t\t<div class=\"elementor-element elementor-element-382ee7c e-con-full e-flex e-con e-parent\" data-id=\"382ee7c\" data-element_type=\"container\" data-e-type=\"container\">\n\t\t<div class=\"elementor-element elementor-element-97a7726 e-con-full e-flex e-con e-child\" data-id=\"97a7726\" data-element_type=\"container\" data-e-type=\"container\">\n\t\t\t\t<div class=\"elementor-element elementor-element-8af9755 elementor-widget elementor-widget-image\" data-id=\"8af9755\" data-element_type=\"widget\" data-e-type=\"widget\" data-widget_type=\"image.default\">\n\t\t\t\t\t\t\t\t\t\t\t\t\t\t\t<img decoding=\"async\" width=\"2060\" height=\"2560\" src=\"https:\/\/sentiaestudio.com\/wp-content\/uploads\/2026\/05\/bolsa-tiradamiel-copia-scaled.jpg\" class=\"attachment-full size-full wp-image-5234\" alt=\"Escena de desayuno con caf\u00e9, miel y muesli Jany avena y almendras en packaging sostenible.\" srcset=\"https:\/\/sentiaestudio.com\/wp-content\/uploads\/2026\/05\/bolsa-tiradamiel-copia-scaled.jpg 2060w, https:\/\/sentiaestudio.com\/wp-content\/uploads\/2026\/05\/bolsa-tiradamiel-copia-241x300.jpg 241w, https:\/\/sentiaestudio.com\/wp-content\/uploads\/2026\/05\/bolsa-tiradamiel-copia-824x1024.jpg 824w, https:\/\/sentiaestudio.com\/wp-content\/uploads\/2026\/05\/bolsa-tiradamiel-copia-768x955.jpg 768w, https:\/\/sentiaestudio.com\/wp-content\/uploads\/2026\/05\/bolsa-tiradamiel-copia-1236x1536.jpg 1236w, https:\/\/sentiaestudio.com\/wp-content\/uploads\/2026\/05\/bolsa-tiradamiel-copia-1648x2048.jpg 1648w, https:\/\/sentiaestudio.com\/wp-content\/uploads\/2026\/05\/bolsa-tiradamiel-copia-600x746.jpg 600w\" sizes=\"(max-width: 2060px) 100vw, 2060px\" \/>\t\t\t\t\t\t\t\t\t\t\t\t\t\t\t<\/div>\n\t\t\t\t<\/div>\n\t\t<div class=\"elementor-element elementor-element-788f062 e-con-full e-flex e-con e-child\" data-id=\"788f062\" data-element_type=\"container\" data-e-type=\"container\">\n\t\t\t\t<div class=\"elementor-element elementor-element-c80ae39 elementor-widget elementor-widget-image\" data-id=\"c80ae39\" data-element_type=\"widget\" data-e-type=\"widget\" data-widget_type=\"image.default\">\n\t\t\t\t\t\t\t\t\t\t\t\t\t\t\t<img loading=\"lazy\" decoding=\"async\" width=\"2046\" height=\"2560\" src=\"https:\/\/sentiaestudio.com\/wp-content\/uploads\/2026\/05\/1.puch-en-estanteria-copia-scaled.jpg\" class=\"attachment-full size-full wp-image-5231\" alt=\"Bolsas de muesli Jany en estanter\u00eda con dise\u00f1o de packaging minimalista en tonos pastel.\" srcset=\"https:\/\/sentiaestudio.com\/wp-content\/uploads\/2026\/05\/1.puch-en-estanteria-copia-scaled.jpg 2046w, https:\/\/sentiaestudio.com\/wp-content\/uploads\/2026\/05\/1.puch-en-estanteria-copia-240x300.jpg 240w, https:\/\/sentiaestudio.com\/wp-content\/uploads\/2026\/05\/1.puch-en-estanteria-copia-819x1024.jpg 819w, https:\/\/sentiaestudio.com\/wp-content\/uploads\/2026\/05\/1.puch-en-estanteria-copia-768x961.jpg 768w, https:\/\/sentiaestudio.com\/wp-content\/uploads\/2026\/05\/1.puch-en-estanteria-copia-1228x1536.jpg 1228w, https:\/\/sentiaestudio.com\/wp-content\/uploads\/2026\/05\/1.puch-en-estanteria-copia-1637x2048.jpg 1637w, https:\/\/sentiaestudio.com\/wp-content\/uploads\/2026\/05\/1.puch-en-estanteria-copia-600x751.jpg 600w\" sizes=\"(max-width: 2046px) 100vw, 2046px\" \/>\t\t\t\t\t\t\t\t\t\t\t\t\t\t\t<\/div>\n\t\t\t\t<\/div>\n\t\t\t\t<\/div>\n\t\t\t\t<section class=\"elementor-section elementor-top-section elementor-element elementor-element-7eced2b elementor-hidden-tablet elementor-hidden-mobile elementor-section-boxed elementor-section-height-default elementor-section-height-default\" data-id=\"7eced2b\" data-element_type=\"section\" data-e-type=\"section\">\n\t\t\t\t\t\t<div class=\"elementor-container elementor-column-gap-default\">\n\t\t\t\t\t<div class=\"elementor-column elementor-col-100 elementor-top-column elementor-element elementor-element-d986c05\" data-id=\"d986c05\" data-element_type=\"column\" data-e-type=\"column\">\n\t\t\t<div class=\"elementor-widget-wrap elementor-element-populated\">\n\t\t\t\t\t\t<section class=\"elementor-section elementor-inner-section elementor-element elementor-element-4c2611d elementor-section-boxed elementor-section-height-default elementor-section-height-default\" data-id=\"4c2611d\" data-element_type=\"section\" data-e-type=\"section\">\n\t\t\t\t\t\t<div class=\"elementor-container elementor-column-gap-no\">\n\t\t\t\t\t<div class=\"elementor-column elementor-col-25 elementor-inner-column elementor-element elementor-element-e1872d1\" data-id=\"e1872d1\" data-element_type=\"column\" data-e-type=\"column\">\n\t\t\t<div class=\"elementor-widget-wrap\">\n\t\t\t\t\t\t\t<\/div>\n\t\t<\/div>\n\t\t\t\t<div class=\"elementor-column elementor-col-50 elementor-inner-column elementor-element elementor-element-f40aa9b\" data-id=\"f40aa9b\" data-element_type=\"column\" data-e-type=\"column\">\n\t\t\t<div class=\"elementor-widget-wrap elementor-element-populated\">\n\t\t\t\t\t\t<div class=\"elementor-element elementor-element-14972e0 elementor-widget elementor-widget-text-editor\" data-id=\"14972e0\" data-element_type=\"widget\" data-e-type=\"widget\" data-widget_type=\"text-editor.default\">\n\t\t\t\t\t\t\t\t\t<h4 data-start=\"744\" data-end=\"755\">Concept<\/h4><p data-start=\"752\" data-end=\"904\">El proyecto parte de una idea sencilla: construir marca no consiste en a\u00f1adir elementos constantemente, sino en expandir un lenguaje de forma coherente.<\/p><p data-start=\"906\" data-end=\"1156\">El muesli aparece como un producto neutro y silencioso, pensado para acompa\u00f1ar a la miel dentro de un ritual cotidiano. M\u00e1s que convertirse en protagonista, funciona como contexto: una forma de reforzar la experiencia alrededor del producto original.<\/p><p data-start=\"1158\" data-end=\"1321\">Esta extensi\u00f3n busca demostrar c\u00f3mo una identidad s\u00f3lida puede adaptarse a nuevos formatos y momentos de consumo sin romper su equilibrio ni perder reconocimiento.<\/p><p data-start=\"1323\" data-end=\"1392\">Jany no vende muesli.<br data-start=\"1344\" data-end=\"1347\" \/>Jany crea nuevas formas de disfrutar la miel.<\/p>\t\t\t\t\t\t\t\t<\/div>\n\t\t\t\t\t<\/div>\n\t\t<\/div>\n\t\t\t\t<div class=\"elementor-column elementor-col-25 elementor-inner-column elementor-element elementor-element-bdd6304\" data-id=\"bdd6304\" data-element_type=\"column\" data-e-type=\"column\">\n\t\t\t<div class=\"elementor-widget-wrap\">\n\t\t\t\t\t\t\t<\/div>\n\t\t<\/div>\n\t\t\t\t\t<\/div>\n\t\t<\/section>\n\t\t\t\t\t<\/div>\n\t\t<\/div>\n\t\t\t\t\t<\/div>\n\t\t<\/section>\n\t\t\t\t<section class=\"elementor-section elementor-top-section elementor-element elementor-element-72e4acb elementor-hidden-desktop elementor-section-boxed elementor-section-height-default elementor-section-height-default\" data-id=\"72e4acb\" data-element_type=\"section\" data-e-type=\"section\">\n\t\t\t\t\t\t<div class=\"elementor-container elementor-column-gap-default\">\n\t\t\t\t\t<div class=\"elementor-column elementor-col-100 elementor-top-column elementor-element elementor-element-d9553a8\" data-id=\"d9553a8\" data-element_type=\"column\" data-e-type=\"column\">\n\t\t\t<div class=\"elementor-widget-wrap elementor-element-populated\">\n\t\t\t\t\t\t<section class=\"elementor-section elementor-inner-section elementor-element elementor-element-9c841eb elementor-section-boxed elementor-section-height-default elementor-section-height-default\" data-id=\"9c841eb\" data-element_type=\"section\" data-e-type=\"section\">\n\t\t\t\t\t\t<div class=\"elementor-container elementor-column-gap-no\">\n\t\t\t\t\t<div class=\"elementor-column elementor-col-25 elementor-inner-column elementor-element elementor-element-2a7ac5c\" data-id=\"2a7ac5c\" data-element_type=\"column\" data-e-type=\"column\">\n\t\t\t<div class=\"elementor-widget-wrap\">\n\t\t\t\t\t\t\t<\/div>\n\t\t<\/div>\n\t\t\t\t<div class=\"elementor-column elementor-col-50 elementor-inner-column elementor-element elementor-element-c650bf6\" data-id=\"c650bf6\" data-element_type=\"column\" data-e-type=\"column\">\n\t\t\t<div class=\"elementor-widget-wrap elementor-element-populated\">\n\t\t\t\t\t\t<div class=\"elementor-element elementor-element-877cfa1 elementor-widget elementor-widget-text-editor\" data-id=\"877cfa1\" data-element_type=\"widget\" data-e-type=\"widget\" data-widget_type=\"text-editor.default\">\n\t\t\t\t\t\t\t\t\t<h4 style=\"text-align: left;\" data-start=\"744\" data-end=\"755\">Concept<\/h4><p style=\"text-align: left;\" data-start=\"752\" data-end=\"904\">El proyecto parte de una idea sencilla: construir marca no consiste en a\u00f1adir elementos constantemente, sino en expandir un lenguaje de forma coherente.<\/p><p style=\"text-align: left;\" data-start=\"906\" data-end=\"1156\">El muesli aparece como un producto neutro y silencioso, pensado para acompa\u00f1ar a la miel dentro de un ritual cotidiano. M\u00e1s que convertirse en protagonista, funciona como contexto: una forma de reforzar la experiencia alrededor del producto original.<\/p><p style=\"text-align: left;\" data-start=\"1158\" data-end=\"1321\">Esta extensi\u00f3n busca demostrar c\u00f3mo una identidad s\u00f3lida puede adaptarse a nuevos formatos y momentos de consumo sin romper su equilibrio ni perder reconocimiento.<\/p><p style=\"text-align: left;\" data-start=\"1323\" data-end=\"1392\">Jany no vende muesli.<br data-start=\"1344\" data-end=\"1347\" \/>Jany crea nuevas formas de disfrutar la miel.<\/p>\t\t\t\t\t\t\t\t<\/div>\n\t\t\t\t\t<\/div>\n\t\t<\/div>\n\t\t\t\t<div class=\"elementor-column elementor-col-25 elementor-inner-column elementor-element elementor-element-d076220\" data-id=\"d076220\" data-element_type=\"column\" data-e-type=\"column\">\n\t\t\t<div class=\"elementor-widget-wrap\">\n\t\t\t\t\t\t\t<\/div>\n\t\t<\/div>\n\t\t\t\t\t<\/div>\n\t\t<\/section>\n\t\t\t\t\t<\/div>\n\t\t<\/div>\n\t\t\t\t\t<\/div>\n\t\t<\/section>\n\t\t<div class=\"elementor-element elementor-element-bc7a68d e-con-full e-flex e-con e-parent\" data-id=\"bc7a68d\" data-element_type=\"container\" data-e-type=\"container\">\n\t\t\t\t<div class=\"elementor-element elementor-element-5952a0d elementor-widget elementor-widget-image\" data-id=\"5952a0d\" data-element_type=\"widget\" data-e-type=\"widget\" data-widget_type=\"image.default\">\n\t\t\t\t\t\t\t\t\t\t\t\t\t\t\t<img loading=\"lazy\" decoding=\"async\" width=\"2560\" height=\"1930\" src=\"https:\/\/sentiaestudio.com\/wp-content\/uploads\/2026\/05\/Stand-Up-Pouch-Packaging-Presentation-Mockup-copia-scaled.jpg\" class=\"attachment-full size-full wp-image-5237\" alt=\"Colecci\u00f3n de packaging Jany para muesli ecol\u00f3gico en variedades avena y almendras, nueces y pistachos.\" srcset=\"https:\/\/sentiaestudio.com\/wp-content\/uploads\/2026\/05\/Stand-Up-Pouch-Packaging-Presentation-Mockup-copia-scaled.jpg 2560w, https:\/\/sentiaestudio.com\/wp-content\/uploads\/2026\/05\/Stand-Up-Pouch-Packaging-Presentation-Mockup-copia-300x226.jpg 300w, https:\/\/sentiaestudio.com\/wp-content\/uploads\/2026\/05\/Stand-Up-Pouch-Packaging-Presentation-Mockup-copia-1024x772.jpg 1024w, https:\/\/sentiaestudio.com\/wp-content\/uploads\/2026\/05\/Stand-Up-Pouch-Packaging-Presentation-Mockup-copia-768x579.jpg 768w, https:\/\/sentiaestudio.com\/wp-content\/uploads\/2026\/05\/Stand-Up-Pouch-Packaging-Presentation-Mockup-copia-1536x1158.jpg 1536w, https:\/\/sentiaestudio.com\/wp-content\/uploads\/2026\/05\/Stand-Up-Pouch-Packaging-Presentation-Mockup-copia-2048x1544.jpg 2048w, https:\/\/sentiaestudio.com\/wp-content\/uploads\/2026\/05\/Stand-Up-Pouch-Packaging-Presentation-Mockup-copia-600x452.jpg 600w\" sizes=\"(max-width: 2560px) 100vw, 2560px\" \/>\t\t\t\t\t\t\t\t\t\t\t\t\t\t\t<\/div>\n\t\t\t\t<\/div>\n\t\t<div class=\"elementor-element elementor-element-bd9d4b9 e-con-full e-flex e-con e-parent\" data-id=\"bd9d4b9\" data-element_type=\"container\" data-e-type=\"container\">\n\t\t<div class=\"elementor-element elementor-element-2f8fb35 e-con-full e-flex e-con e-child\" data-id=\"2f8fb35\" data-element_type=\"container\" data-e-type=\"container\">\n\t\t\t\t<div class=\"elementor-element elementor-element-7d421de elementor-widget elementor-widget-image\" data-id=\"7d421de\" data-element_type=\"widget\" data-e-type=\"widget\" data-widget_type=\"image.default\">\n\t\t\t\t\t\t\t\t\t\t\t\t\t\t\t<img loading=\"lazy\" decoding=\"async\" width=\"2047\" height=\"2560\" src=\"https:\/\/sentiaestudio.com\/wp-content\/uploads\/2026\/05\/2-bolsas-cocina-sin-miel-copia-scaled.jpg\" class=\"attachment-full size-full wp-image-5232\" alt=\"Packaging de muesli Jany avena y pistachos junto a productos de cocina y desayuno artesanal.\" srcset=\"https:\/\/sentiaestudio.com\/wp-content\/uploads\/2026\/05\/2-bolsas-cocina-sin-miel-copia-scaled.jpg 2047w, https:\/\/sentiaestudio.com\/wp-content\/uploads\/2026\/05\/2-bolsas-cocina-sin-miel-copia-240x300.jpg 240w, https:\/\/sentiaestudio.com\/wp-content\/uploads\/2026\/05\/2-bolsas-cocina-sin-miel-copia-819x1024.jpg 819w, https:\/\/sentiaestudio.com\/wp-content\/uploads\/2026\/05\/2-bolsas-cocina-sin-miel-copia-768x960.jpg 768w, https:\/\/sentiaestudio.com\/wp-content\/uploads\/2026\/05\/2-bolsas-cocina-sin-miel-copia-1228x1536.jpg 1228w, https:\/\/sentiaestudio.com\/wp-content\/uploads\/2026\/05\/2-bolsas-cocina-sin-miel-copia-1638x2048.jpg 1638w, https:\/\/sentiaestudio.com\/wp-content\/uploads\/2026\/05\/2-bolsas-cocina-sin-miel-copia-600x750.jpg 600w\" sizes=\"(max-width: 2047px) 100vw, 2047px\" \/>\t\t\t\t\t\t\t\t\t\t\t\t\t\t\t<\/div>\n\t\t\t\t<\/div>\n\t\t<div class=\"elementor-element elementor-element-e7a2ab3 e-con-full e-flex e-con e-child\" data-id=\"e7a2ab3\" data-element_type=\"container\" data-e-type=\"container\">\n\t\t\t\t<div class=\"elementor-element elementor-element-3584518 elementor-widget elementor-widget-image\" data-id=\"3584518\" data-element_type=\"widget\" data-e-type=\"widget\" data-widget_type=\"image.default\">\n\t\t\t\t\t\t\t\t\t\t\t\t\t\t\t<img loading=\"lazy\" decoding=\"async\" width=\"2060\" height=\"2560\" src=\"https:\/\/sentiaestudio.com\/wp-content\/uploads\/2026\/05\/2bolsasmiel-copia-scaled.jpg\" class=\"attachment-full size-full wp-image-5233\" alt=\"Bolsa de muesli Jany avena y almendras junto a miel Jany y bol de desayuno saludable.\" srcset=\"https:\/\/sentiaestudio.com\/wp-content\/uploads\/2026\/05\/2bolsasmiel-copia-scaled.jpg 2060w, https:\/\/sentiaestudio.com\/wp-content\/uploads\/2026\/05\/2bolsasmiel-copia-241x300.jpg 241w, https:\/\/sentiaestudio.com\/wp-content\/uploads\/2026\/05\/2bolsasmiel-copia-824x1024.jpg 824w, https:\/\/sentiaestudio.com\/wp-content\/uploads\/2026\/05\/2bolsasmiel-copia-768x954.jpg 768w, https:\/\/sentiaestudio.com\/wp-content\/uploads\/2026\/05\/2bolsasmiel-copia-1236x1536.jpg 1236w, https:\/\/sentiaestudio.com\/wp-content\/uploads\/2026\/05\/2bolsasmiel-copia-1648x2048.jpg 1648w, https:\/\/sentiaestudio.com\/wp-content\/uploads\/2026\/05\/2bolsasmiel-copia-600x746.jpg 600w\" sizes=\"(max-width: 2060px) 100vw, 2060px\" \/>\t\t\t\t\t\t\t\t\t\t\t\t\t\t\t<\/div>\n\t\t\t\t<\/div>\n\t\t\t\t<\/div>\n\t\t\t\t<section class=\"elementor-section elementor-top-section elementor-element elementor-element-7b031a6 elementor-hidden-tablet elementor-hidden-mobile elementor-section-boxed elementor-section-height-default elementor-section-height-default\" data-id=\"7b031a6\" data-element_type=\"section\" data-e-type=\"section\">\n\t\t\t\t\t\t<div class=\"elementor-container elementor-column-gap-default\">\n\t\t\t\t\t<div class=\"elementor-column elementor-col-100 elementor-top-column elementor-element elementor-element-6767b60\" data-id=\"6767b60\" data-element_type=\"column\" data-e-type=\"column\">\n\t\t\t<div class=\"elementor-widget-wrap elementor-element-populated\">\n\t\t\t\t\t\t<section class=\"elementor-section elementor-inner-section elementor-element elementor-element-f6c09ff elementor-section-boxed elementor-section-height-default elementor-section-height-default\" data-id=\"f6c09ff\" data-element_type=\"section\" data-e-type=\"section\">\n\t\t\t\t\t\t<div class=\"elementor-container elementor-column-gap-no\">\n\t\t\t\t\t<div class=\"elementor-column elementor-col-25 elementor-inner-column elementor-element elementor-element-6cd6f99\" data-id=\"6cd6f99\" data-element_type=\"column\" data-e-type=\"column\">\n\t\t\t<div class=\"elementor-widget-wrap\">\n\t\t\t\t\t\t\t<\/div>\n\t\t<\/div>\n\t\t\t\t<div class=\"elementor-column elementor-col-50 elementor-inner-column elementor-element elementor-element-b425887\" data-id=\"b425887\" data-element_type=\"column\" data-e-type=\"column\">\n\t\t\t<div class=\"elementor-widget-wrap elementor-element-populated\">\n\t\t\t\t\t\t<div class=\"elementor-element elementor-element-73445db elementor-widget elementor-widget-text-editor\" data-id=\"73445db\" data-element_type=\"widget\" data-e-type=\"widget\" data-widget_type=\"text-editor.default\">\n\t\t\t\t\t\t\t\t\t<h4 data-start=\"1065\" data-end=\"1076\">Dise\u00f1o de packaging<\/h4><p data-start=\"1423\" data-end=\"1609\">El sistema de packaging mantiene los c\u00f3digos visuales desarrollados en el proyecto original: composici\u00f3n minimalista, ilustraciones org\u00e1nicas y una direcci\u00f3n de arte calmada y editorial.<\/p><p data-start=\"1611\" data-end=\"1902\">El dise\u00f1o reduce los elementos al m\u00ednimo para dejar espacio al producto y reforzar la sensaci\u00f3n de sencillez y naturalidad. Las distintas variedades se diferencian mediante peque\u00f1os cambios crom\u00e1ticos e ilustrativos, manteniendo siempre una estructura com\u00fan que aporta coherencia al sistema.<\/p><p data-start=\"1904\" data-end=\"2076\">El formato pouch introduce una nueva dimensi\u00f3n m\u00e1s cotidiana y funcional dentro del universo Jany, permitiendo que la marca habite nuevos contextos sin perder su identidad.<\/p>\t\t\t\t\t\t\t\t<\/div>\n\t\t\t\t<div class=\"elementor-element elementor-element-77505e5 elementor-align-center elementor-widget elementor-widget-button\" data-id=\"77505e5\" data-element_type=\"widget\" data-e-type=\"widget\" data-settings=\"{&quot;hover_animation&quot;:&quot;shrink&quot;}\" data-widget_type=\"button.default\">\n\t\t\t\t\t\t\t\t\t\t<a class=\"elementor-button elementor-button-link elementor-size-sm elementor-animation-shrink\" href=\"\/en\/portfolio\/jany\/\" target=\"_blank\">\n\t\t\t\t\t\t<span class=\"elementor-button-content-wrapper\">\n\t\t\t\t\t\t\t\t\t<span class=\"elementor-button-text\">VER PROYECTO DE JANY MIEL CRUDA<\/span>\n\t\t\t\t\t<\/span>\n\t\t\t\t\t<\/a>\n\t\t\t\t\t\t\t\t<\/div>\n\t\t\t\t<div class=\"elementor-element elementor-element-0500db1 elementor-align-center elementor-widget elementor-widget-button\" data-id=\"0500db1\" data-element_type=\"widget\" data-e-type=\"widget\" data-settings=\"{&quot;hover_animation&quot;:&quot;shrink&quot;}\" data-widget_type=\"button.default\">\n\t\t\t\t\t\t\t\t\t\t<a class=\"elementor-button elementor-button-link elementor-size-sm elementor-animation-shrink\" href=\"\/en\/portfolio\/jany-bebidas-botanicas\/\" target=\"_blank\">\n\t\t\t\t\t\t<span class=\"elementor-button-content-wrapper\">\n\t\t\t\t\t\t\t\t\t<span class=\"elementor-button-text\">VER PROYECTO DE JANY BEBIDAS BOT\u00c1NICAS<\/span>\n\t\t\t\t\t<\/span>\n\t\t\t\t\t<\/a>\n\t\t\t\t\t\t\t\t<\/div>\n\t\t\t\t\t<\/div>\n\t\t<\/div>\n\t\t\t\t<div class=\"elementor-column elementor-col-25 elementor-inner-column elementor-element elementor-element-352b00d\" data-id=\"352b00d\" data-element_type=\"column\" data-e-type=\"column\">\n\t\t\t<div class=\"elementor-widget-wrap\">\n\t\t\t\t\t\t\t<\/div>\n\t\t<\/div>\n\t\t\t\t\t<\/div>\n\t\t<\/section>\n\t\t\t\t\t<\/div>\n\t\t<\/div>\n\t\t\t\t\t<\/div>\n\t\t<\/section>\n\t\t\t\t<section class=\"elementor-section elementor-top-section elementor-element elementor-element-95ec16d elementor-hidden-desktop elementor-section-boxed elementor-section-height-default elementor-section-height-default\" data-id=\"95ec16d\" data-element_type=\"section\" data-e-type=\"section\">\n\t\t\t\t\t\t<div class=\"elementor-container elementor-column-gap-default\">\n\t\t\t\t\t<div class=\"elementor-column elementor-col-100 elementor-top-column elementor-element elementor-element-7363320\" data-id=\"7363320\" data-element_type=\"column\" data-e-type=\"column\">\n\t\t\t<div class=\"elementor-widget-wrap elementor-element-populated\">\n\t\t\t\t\t\t<section class=\"elementor-section elementor-inner-section elementor-element elementor-element-ff47f5a elementor-section-boxed elementor-section-height-default elementor-section-height-default\" data-id=\"ff47f5a\" data-element_type=\"section\" data-e-type=\"section\">\n\t\t\t\t\t\t<div class=\"elementor-container elementor-column-gap-no\">\n\t\t\t\t\t<div class=\"elementor-column elementor-col-25 elementor-inner-column elementor-element elementor-element-025d1f1\" data-id=\"025d1f1\" data-element_type=\"column\" data-e-type=\"column\">\n\t\t\t<div class=\"elementor-widget-wrap\">\n\t\t\t\t\t\t\t<\/div>\n\t\t<\/div>\n\t\t\t\t<div class=\"elementor-column elementor-col-50 elementor-inner-column elementor-element elementor-element-74ee652\" data-id=\"74ee652\" data-element_type=\"column\" data-e-type=\"column\">\n\t\t\t<div class=\"elementor-widget-wrap elementor-element-populated\">\n\t\t\t\t\t\t<div class=\"elementor-element elementor-element-818bd62 elementor-widget elementor-widget-text-editor\" data-id=\"818bd62\" data-element_type=\"widget\" data-e-type=\"widget\" data-widget_type=\"text-editor.default\">\n\t\t\t\t\t\t\t\t\t<h4 style=\"text-align: left;\" data-start=\"1065\" data-end=\"1076\">Dise\u00f1o de packaging<\/h4><p style=\"text-align: left;\" data-start=\"1423\" data-end=\"1609\">El sistema de packaging mantiene los c\u00f3digos visuales desarrollados en el proyecto original: composici\u00f3n minimalista, ilustraciones org\u00e1nicas y una direcci\u00f3n de arte calmada y editorial.<\/p><p style=\"text-align: left;\" data-start=\"1611\" data-end=\"1902\">El dise\u00f1o reduce los elementos al m\u00ednimo para dejar espacio al producto y reforzar la sensaci\u00f3n de sencillez y naturalidad. Las distintas variedades se diferencian mediante peque\u00f1os cambios crom\u00e1ticos e ilustrativos, manteniendo siempre una estructura com\u00fan que aporta coherencia al sistema.<\/p><p style=\"text-align: left;\" data-start=\"1904\" data-end=\"2076\">El formato pouch introduce una nueva dimensi\u00f3n m\u00e1s cotidiana y funcional dentro del universo Jany, permitiendo que la marca habite nuevos contextos sin perder su identidad.<\/p>\t\t\t\t\t\t\t\t<\/div>\n\t\t\t\t<div class=\"elementor-element elementor-element-3a12fe8 elementor-widget elementor-widget-button\" data-id=\"3a12fe8\" data-element_type=\"widget\" data-e-type=\"widget\" data-settings=\"{&quot;hover_animation&quot;:&quot;shrink&quot;}\" data-widget_type=\"button.default\">\n\t\t\t\t\t\t\t\t\t\t<a class=\"elementor-button elementor-button-link elementor-size-sm elementor-animation-shrink\" href=\"\/en\/portfolio\/jany\/\" target=\"_blank\">\n\t\t\t\t\t\t<span class=\"elementor-button-content-wrapper\">\n\t\t\t\t\t\t\t\t\t<span class=\"elementor-button-text\">VER PROYECTO DE JANY MIEL CRUDA<\/span>\n\t\t\t\t\t<\/span>\n\t\t\t\t\t<\/a>\n\t\t\t\t\t\t\t\t<\/div>\n\t\t\t\t<div class=\"elementor-element elementor-element-3a626c8 elementor-widget elementor-widget-button\" data-id=\"3a626c8\" data-element_type=\"widget\" data-e-type=\"widget\" data-settings=\"{&quot;hover_animation&quot;:&quot;shrink&quot;}\" data-widget_type=\"button.default\">\n\t\t\t\t\t\t\t\t\t\t<a class=\"elementor-button elementor-button-link elementor-size-sm elementor-animation-shrink\" href=\"\/en\/portfolio\/jany-bebidas-botanicas\/\" target=\"_blank\">\n\t\t\t\t\t\t<span class=\"elementor-button-content-wrapper\">\n\t\t\t\t\t\t\t\t\t<span class=\"elementor-button-text\">VER PROYECTO DE JANY BEBIDAS BOT\u00c1NICAS<\/span>\n\t\t\t\t\t<\/span>\n\t\t\t\t\t<\/a>\n\t\t\t\t\t\t\t\t<\/div>\n\t\t\t\t\t<\/div>\n\t\t<\/div>\n\t\t\t\t<div class=\"elementor-column elementor-col-25 elementor-inner-column elementor-element elementor-element-94f7b2e\" data-id=\"94f7b2e\" data-element_type=\"column\" data-e-type=\"column\">\n\t\t\t<div class=\"elementor-widget-wrap\">\n\t\t\t\t\t\t\t<\/div>\n\t\t<\/div>\n\t\t\t\t\t<\/div>\n\t\t<\/section>\n\t\t\t\t\t<\/div>\n\t\t<\/div>\n\t\t\t\t\t<\/div>\n\t\t<\/section>\n\t\t<div class=\"elementor-element elementor-element-add2d86 e-con-full e-flex e-con e-parent\" data-id=\"add2d86\" data-element_type=\"container\" data-e-type=\"container\">\n\t\t<div class=\"elementor-element elementor-element-515c887 e-con-full e-flex e-con e-child\" data-id=\"515c887\" data-element_type=\"container\" data-e-type=\"container\">\n\t\t\t\t<div class=\"elementor-element elementor-element-47503db elementor-widget elementor-widget-image\" data-id=\"47503db\" data-element_type=\"widget\" data-e-type=\"widget\" data-widget_type=\"image.default\">\n\t\t\t\t\t\t\t\t\t\t\t\t\t\t\t<img loading=\"lazy\" decoding=\"async\" width=\"2062\" height=\"2560\" src=\"https:\/\/sentiaestudio.com\/wp-content\/uploads\/2026\/05\/mujer-con-dos-bolsas-copia-scaled.jpg\" class=\"attachment-full size-full wp-image-5235\" alt=\"Persona sosteniendo dos bolsas de muesli Jany con dise\u00f1o de packaging minimalista para avena y pistachos y avena y nueces.\" srcset=\"https:\/\/sentiaestudio.com\/wp-content\/uploads\/2026\/05\/mujer-con-dos-bolsas-copia-scaled.jpg 2062w, https:\/\/sentiaestudio.com\/wp-content\/uploads\/2026\/05\/mujer-con-dos-bolsas-copia-242x300.jpg 242w, https:\/\/sentiaestudio.com\/wp-content\/uploads\/2026\/05\/mujer-con-dos-bolsas-copia-825x1024.jpg 825w, https:\/\/sentiaestudio.com\/wp-content\/uploads\/2026\/05\/mujer-con-dos-bolsas-copia-768x954.jpg 768w, https:\/\/sentiaestudio.com\/wp-content\/uploads\/2026\/05\/mujer-con-dos-bolsas-copia-1237x1536.jpg 1237w, https:\/\/sentiaestudio.com\/wp-content\/uploads\/2026\/05\/mujer-con-dos-bolsas-copia-1649x2048.jpg 1649w, https:\/\/sentiaestudio.com\/wp-content\/uploads\/2026\/05\/mujer-con-dos-bolsas-copia-600x745.jpg 600w\" sizes=\"(max-width: 2062px) 100vw, 2062px\" \/>\t\t\t\t\t\t\t\t\t\t\t\t\t\t\t<\/div>\n\t\t\t\t<\/div>\n\t\t<div class=\"elementor-element elementor-element-c15eff5 e-con-full e-flex e-con e-child\" data-id=\"c15eff5\" data-element_type=\"container\" data-e-type=\"container\">\n\t\t\t\t<div class=\"elementor-element elementor-element-00d428f elementor-widget elementor-widget-image\" data-id=\"00d428f\" data-element_type=\"widget\" data-e-type=\"widget\" data-widget_type=\"image.default\">\n\t\t\t\t\t\t\t\t\t\t\t\t\t\t\t<img loading=\"lazy\" decoding=\"async\" width=\"2047\" height=\"2560\" src=\"https:\/\/sentiaestudio.com\/wp-content\/uploads\/2026\/04\/1.monton-de-paquetes-copia-scaled.jpg\" class=\"attachment-full size-full wp-image-4979\" alt=\"Dise\u00f1o de packaging para muesli Jany con bolsas minimalistas ilustradas\" srcset=\"https:\/\/sentiaestudio.com\/wp-content\/uploads\/2026\/04\/1.monton-de-paquetes-copia-scaled.jpg 2047w, https:\/\/sentiaestudio.com\/wp-content\/uploads\/2026\/04\/1.monton-de-paquetes-copia-240x300.jpg 240w, https:\/\/sentiaestudio.com\/wp-content\/uploads\/2026\/04\/1.monton-de-paquetes-copia-819x1024.jpg 819w, https:\/\/sentiaestudio.com\/wp-content\/uploads\/2026\/04\/1.monton-de-paquetes-copia-768x960.jpg 768w, https:\/\/sentiaestudio.com\/wp-content\/uploads\/2026\/04\/1.monton-de-paquetes-copia-1228x1536.jpg 1228w, https:\/\/sentiaestudio.com\/wp-content\/uploads\/2026\/04\/1.monton-de-paquetes-copia-1638x2048.jpg 1638w, https:\/\/sentiaestudio.com\/wp-content\/uploads\/2026\/04\/1.monton-de-paquetes-copia-600x750.jpg 600w\" sizes=\"(max-width: 2047px) 100vw, 2047px\" \/>\t\t\t\t\t\t\t\t\t\t\t\t\t\t\t<\/div>\n\t\t\t\t<\/div>\n\t\t\t\t<\/div>\n\t\t\t\t<\/div>","protected":false},"excerpt":{"rendered":"<p>Jany &#8211; Muesli Naming Branding Packaging Ilustraci\u00f3n Jany nace alrededor de la miel, pero este proyecto explora c\u00f3mo una marca puede crecer sin perder coherencia. La l\u00ednea de muesli surge como una extensi\u00f3n natural del universo Jany, no desde la necesidad de a\u00f1adir un nuevo producto, sino desde la intenci\u00f3n de ampliar los momentos donde&#8230;<\/p>","protected":false},"author":1,"featured_media":4979,"comment_status":"open","ping_status":"closed","template":"","meta":{"footnotes":""},"portfolio_category":[36,77,76,62],"portfolio_tag":[],"class_list":["post-5224","portfolio","type-portfolio","status-publish","has-post-thumbnail","hentry","portfolio_category-branding","portfolio_category-ilustracion","portfolio_category-naming","portfolio_category-packaging"],"_links":{"self":[{"href":"https:\/\/sentiaestudio.com\/en\/wp-json\/wp\/v2\/portfolio\/5224","targetHints":{"allow":["GET"]}}],"collection":[{"href":"https:\/\/sentiaestudio.com\/en\/wp-json\/wp\/v2\/portfolio"}],"about":[{"href":"https:\/\/sentiaestudio.com\/en\/wp-json\/wp\/v2\/types\/portfolio"}],"author":[{"embeddable":true,"href":"https:\/\/sentiaestudio.com\/en\/wp-json\/wp\/v2\/users\/1"}],"replies":[{"embeddable":true,"href":"https:\/\/sentiaestudio.com\/en\/wp-json\/wp\/v2\/comments?post=5224"}],"version-history":[{"count":26,"href":"https:\/\/sentiaestudio.com\/en\/wp-json\/wp\/v2\/portfolio\/5224\/revisions"}],"predecessor-version":[{"id":6504,"href":"https:\/\/sentiaestudio.com\/en\/wp-json\/wp\/v2\/portfolio\/5224\/revisions\/6504"}],"wp:featuredmedia":[{"embeddable":true,"href":"https:\/\/sentiaestudio.com\/en\/wp-json\/wp\/v2\/media\/4979"}],"wp:attachment":[{"href":"https:\/\/sentiaestudio.com\/en\/wp-json\/wp\/v2\/media?parent=5224"}],"wp:term":[{"taxonomy":"portfolio_category","embeddable":true,"href":"https:\/\/sentiaestudio.com\/en\/wp-json\/wp\/v2\/portfolio_category?post=5224"},{"taxonomy":"portfolio_tag","embeddable":true,"href":"https:\/\/sentiaestudio.com\/en\/wp-json\/wp\/v2\/portfolio_tag?post=5224"}],"curies":[{"name":"wp","href":"https:\/\/api.w.org\/{rel}","templated":true}]}}